{"id":36590,"date":"2026-03-13T08:55:56","date_gmt":"2026-03-13T08:55:56","guid":{"rendered":"https:\/\/bugadent.md\/?post_type=services&#038;p=36590"},"modified":"2026-03-22T19:03:45","modified_gmt":"2026-03-22T19:03:45","slug":"estetica-dentara-albire-si-fatete","status":"publish","type":"services","link":"https:\/\/bugadent.md\/en\/services\/estetica-dentara-albire-si-fatete\/","title":{"rendered":"Dental Aesthetics \u2013 Whitening and Veneers"},"content":{"rendered":"<div data-elementor-type=\"wp-post\" data-elementor-id=\"36590\" class=\"elementor elementor-36590\">\n\t\t\t\t<div class=\"elementor-element elementor-element-5818d9c e-flex e-con-boxed cmsmasters-block-default e-con e-parent\" data-id=\"5818d9c\" data-element_type=\"container\" data-e-type=\"container\">\n\t\t\t\t\t<div class=\"e-con-inner\">\n\t\t\t\t<div class=\"elementor-element elementor-element-3e5360c cmsmasters-block-default cmsmasters-sticky-default elementor-widget elementor-widget-heading\" data-id=\"3e5360c\" data-element_type=\"widget\" data-e-type=\"widget\" data-widget_type=\"heading.default\">\n\t\t\t\t\t<h3 class=\"elementor-heading-title elementor-size-default\">Zambetul pe care ti l-ai dorit mereu<\/h3>\t\t\t\t<\/div>\n\t\t\t\t<div class=\"elementor-element elementor-element-9c6ed6b cmsmasters-block-default cmsmasters-sticky-default elementor-widget elementor-widget-text-editor\" data-id=\"9c6ed6b\" data-element_type=\"widget\" data-e-type=\"widget\" data-widget_type=\"text-editor.default\">\n\t\t\t\t\t\t\t\t\t<p><span style=\"color: #000000;\">Un zambet frumos nu este un lux &#8211; este o parte din stima de sine si modul in care te prezinti lumii. La Bugadent oferim solutii moderne de estetica dentara care imbunatatesc aspectul dintilor in mod natural, armonic si durabil<\/span><\/p>\t\t\t\t\t\t\t\t<\/div>\n\t\t\t\t<div class=\"elementor-element elementor-element-58d653b cmsmasters-block-default cmsmasters-sticky-default elementor-widget elementor-widget-heading\" data-id=\"58d653b\" data-element_type=\"widget\" data-e-type=\"widget\" data-widget_type=\"heading.default\">\n\t\t\t\t\t<h3 class=\"elementor-heading-title elementor-size-default\">Albire Dentara Profesionala<\/h3>\t\t\t\t<\/div>\n\t\t\t\t<div class=\"elementor-element elementor-element-d3e6e83 cmsmasters-block-default cmsmasters-sticky-default elementor-widget elementor-widget-text-editor\" data-id=\"d3e6e83\" data-element_type=\"widget\" data-e-type=\"widget\" data-widget_type=\"text-editor.default\">\n\t\t\t\t\t\t\t\t\t<p><span style=\"color: #000000;\"><strong>Albire in cabinet (chair-side)<\/strong><\/span><br \/><span style=\"color: #000000;\">O singura sedinta de 60-90 min. Gel cu concentratie controlata, rezultate imediate \u2013 pana la 4 nuante mai <\/span><span style=\"color: #000000;\">deschise. Ideal pentru rezultate rapide.<\/span><br \/><strong><span style=\"color: #000000;\">Albire la domiciliu (take-home)<\/span><\/strong><br \/><span style=\"color: #000000;\">Gutiere personalizate + gel profesional aplicat acasa 1-2 ore\/zi timp de 10-14 zile. Rezultate graduale, extrem <\/span><span style=\"color: #000000;\">de naturale.<\/span><br \/><strong><span style=\"color: #000000;\">Albire combinata (cabinet + acasa)<\/span><\/strong><br \/><span style=\"color: #000000;\">Cele mai durabile si uniforme rezultate. Recomandata pentru cazuri cu coloratii persistente.<\/span><\/p>\t\t\t\t\t\t\t\t<\/div>\n\t\t\t\t<div class=\"elementor-element elementor-element-511604c cmsmasters-block-default cmsmasters-sticky-default elementor-widget elementor-widget-heading\" data-id=\"511604c\" data-element_type=\"widget\" data-e-type=\"widget\" data-widget_type=\"heading.default\">\n\t\t\t\t\t<h3 class=\"elementor-heading-title elementor-size-default\">Fatete Dentare (Veneers)<\/h3>\t\t\t\t<\/div>\n\t\t\t\t<div class=\"elementor-element elementor-element-d2bc139 cmsmasters-block-default cmsmasters-sticky-default elementor-widget elementor-widget-text-editor\" data-id=\"d2bc139\" data-element_type=\"widget\" data-e-type=\"widget\" data-widget_type=\"text-editor.default\">\n\t\t\t\t\t\t\t\t\t<p><span style=\"color: #000000;\">Fatete dentare sunt lamine subtiri aplicate pe suprafata frontala a dintilor pentru a le transforma forma, culoarea <\/span><span style=\"color: #000000;\">si dimensiunea. Solutia ideala pentru un zambet complet redesenat.<\/span><br \/><strong><span style=\"color: #000000;\">Fatete ceramice (portelan)<\/span><\/strong><br \/><span style=\"color: #000000;\">Grosime de 0,3-0,5 mm, aspect extrem de natural si translucid. Rezistente la coloranti, durabile .<\/span><br \/><span style=\"color: #000000;\">Necesita o usoara slefuire a smaltului.<\/span><br \/><strong><span style=\"color: #000000;\">Fatete din zirconiu<\/span><\/strong><br \/><span style=\"color: #000000;\">Extrem de rezistente. Opacitate superioara, ideale pentru mascarea coloratiilor severe.<\/span><br \/><strong><span style=\"color: #000000;\">Fatete compozite directe<\/span><\/strong><br \/><span style=\"color: #000000;\">Realizate direct pe dinte in aceeasi sedinta. Optiune mai accesibila.<\/span><\/p>\t\t\t\t\t\t\t\t<\/div>\n\t\t\t\t<div class=\"elementor-element elementor-element-b05345d cmsmasters-block-default cmsmasters-sticky-default elementor-widget elementor-widget-heading\" data-id=\"b05345d\" data-element_type=\"widget\" data-e-type=\"widget\" data-widget_type=\"heading.default\">\n\t\t\t\t\t<h3 class=\"elementor-heading-title elementor-size-default\">Ce probleme corecteaza fatetele?<\/h3>\t\t\t\t<\/div>\n\t\t\t\t<div class=\"elementor-element elementor-element-6355fb9 cmsmasters-block-default cmsmasters-sticky-default elementor-widget elementor-widget-text-editor\" data-id=\"6355fb9\" data-element_type=\"widget\" data-e-type=\"widget\" data-widget_type=\"text-editor.default\">\n\t\t\t\t\t\t\t\t\t<p><span style=\"color: #000000;\">\u2022 Dinti prea mici sau cu forma inegala<\/span><br \/><span style=\"color: #000000;\">\u2022 Spatii intre dinti (diasteme)<\/span><br \/><span style=\"color: #000000;\">\u2022 Dinti usor rotiti \u2013 alternativa la ortodontie<\/span><br \/><span style=\"color: #000000;\">\u2022 Coloratii severe care nu raspund la albire<\/span><br \/><span style=\"color: #000000;\">\u2022 Smalt fracturat sau uzat<\/span><\/p><ul><li>Rezultate naturale\u00a0<\/li><li>Albire sigura, supravegheata<\/li><li>Planificare digitala a zambetului<\/li><\/ul>\t\t\t\t\t\t\t\t<\/div>\n\t\t\t\t\t<\/div>\n\t\t\t\t<\/div>\n\t\t\t\t<\/div>","protected":false},"excerpt":{"rendered":"<p>Un zambet frumos nu este un lux &#8211; este o parte din stima de sine si modul in care te prezinti lumii. La Bugadent<br \/>\noferim solutii moderne de estetica dentara care imbunatatesc aspectul dintilor in mod natural, armonic si durabil.<\/p>","protected":false},"featured_media":35169,"template":"","meta":{"_acf_changed":false},"service_category":[47],"class_list":["post-36590","services","type-services","status-publish","has-post-thumbnail","hentry","service_category-cosmetic-dentistry"],"acf":[],"yoast_head":"<!-- This site is optimized with the Yoast SEO plugin v27.2 - https:\/\/yoast.com\/product\/yoast-seo-wordpress\/ -->\n<title>Estetica Dentara \u2013 Albire si Fatete - Bugadent<\/title>\n<meta name=\"robots\" content=\"index, follow, max-snippet:-1, max-image-preview:large, max-video-preview:-1\" \/>\n<link rel=\"canonical\" href=\"https:\/\/bugadent.md\/en\/services\/estetica-dentara-albire-si-fatete\/\" \/>\n<meta property=\"og:locale\" content=\"en_GB\" \/>\n<meta property=\"og:type\" content=\"article\" \/>\n<meta property=\"og:title\" content=\"Estetica Dentara \u2013 Albire si Fatete - Bugadent\" \/>\n<meta property=\"og:description\" content=\"Un zambet frumos nu este un lux - este o parte din stima de sine si modul in care te prezinti lumii. La Bugadent oferim solutii moderne de estetica dentara care imbunatatesc aspectul dintilor in mod natural, armonic si durabil.\" \/>\n<meta property=\"og:url\" content=\"https:\/\/bugadent.md\/en\/services\/estetica-dentara-albire-si-fatete\/\" \/>\n<meta property=\"og:site_name\" content=\"Bugadent\" \/>\n<meta property=\"article:modified_time\" content=\"2026-03-22T19:03:45+00:00\" \/>\n<meta property=\"og:image\" content=\"https:\/\/bugadent.md\/wp-content\/uploads\/2024\/05\/home-3-7.webp\" \/>\n\t<meta property=\"og:image:width\" content=\"400\" \/>\n\t<meta property=\"og:image:height\" content=\"280\" \/>\n\t<meta property=\"og:image:type\" content=\"image\/webp\" \/>\n<meta name=\"twitter:card\" content=\"summary_large_image\" \/>\n<meta name=\"twitter:label1\" content=\"Estimated reading time\" \/>\n\t<meta name=\"twitter:data1\" content=\"2 minutes\" \/>\n<script type=\"application\/ld+json\" class=\"yoast-schema-graph\">{\"@context\":\"https:\/\/schema.org\",\"@graph\":[{\"@type\":\"WebPage\",\"@id\":\"https:\/\/bugadent.md\/services\/estetica-dentara-albire-si-fatete\/\",\"url\":\"https:\/\/bugadent.md\/services\/estetica-dentara-albire-si-fatete\/\",\"name\":\"Estetica Dentara \u2013 Albire si Fatete - Bugadent\",\"isPartOf\":{\"@id\":\"https:\/\/bugadent.md\/#website\"},\"primaryImageOfPage\":{\"@id\":\"https:\/\/bugadent.md\/services\/estetica-dentara-albire-si-fatete\/#primaryimage\"},\"image\":{\"@id\":\"https:\/\/bugadent.md\/services\/estetica-dentara-albire-si-fatete\/#primaryimage\"},\"thumbnailUrl\":\"https:\/\/bugadent.md\/wp-content\/uploads\/2024\/05\/home-3-7.webp\",\"datePublished\":\"2026-03-13T08:55:56+00:00\",\"dateModified\":\"2026-03-22T19:03:45+00:00\",\"breadcrumb\":{\"@id\":\"https:\/\/bugadent.md\/services\/estetica-dentara-albire-si-fatete\/#breadcrumb\"},\"inLanguage\":\"en-GB\",\"potentialAction\":[{\"@type\":\"ReadAction\",\"target\":[\"https:\/\/bugadent.md\/services\/estetica-dentara-albire-si-fatete\/\"]}]},{\"@type\":\"ImageObject\",\"inLanguage\":\"en-GB\",\"@id\":\"https:\/\/bugadent.md\/services\/estetica-dentara-albire-si-fatete\/#primaryimage\",\"url\":\"https:\/\/bugadent.md\/wp-content\/uploads\/2024\/05\/home-3-7.webp\",\"contentUrl\":\"https:\/\/bugadent.md\/wp-content\/uploads\/2024\/05\/home-3-7.webp\",\"width\":400,\"height\":280,\"caption\":\"Internal Teeth Whitening\"},{\"@type\":\"BreadcrumbList\",\"@id\":\"https:\/\/bugadent.md\/services\/estetica-dentara-albire-si-fatete\/#breadcrumb\",\"itemListElement\":[{\"@type\":\"ListItem\",\"position\":1,\"name\":\"Prima pagin\u0103\",\"item\":\"https:\/\/bugadent.md\/\"},{\"@type\":\"ListItem\",\"position\":2,\"name\":\"Estetica Dentara \u2013 Albire si Fatete\"}]},{\"@type\":\"WebSite\",\"@id\":\"https:\/\/bugadent.md\/#website\",\"url\":\"https:\/\/bugadent.md\/\",\"name\":\"Bugadent\",\"description\":\"Z\u00e2mbetul t\u0103u, grija noastr\u0103.\",\"publisher\":{\"@id\":\"https:\/\/bugadent.md\/#organization\"},\"potentialAction\":[{\"@type\":\"SearchAction\",\"target\":{\"@type\":\"EntryPoint\",\"urlTemplate\":\"https:\/\/bugadent.md\/?s={search_term_string}\"},\"query-input\":{\"@type\":\"PropertyValueSpecification\",\"valueRequired\":true,\"valueName\":\"search_term_string\"}}],\"inLanguage\":\"en-GB\"},{\"@type\":\"Organization\",\"@id\":\"https:\/\/bugadent.md\/#organization\",\"name\":\"Bugadent\",\"url\":\"https:\/\/bugadent.md\/\",\"logo\":{\"@type\":\"ImageObject\",\"inLanguage\":\"en-GB\",\"@id\":\"https:\/\/bugadent.md\/#\/schema\/logo\/image\/\",\"url\":\"https:\/\/bugadent.md\/wp-content\/uploads\/2026\/03\/logo.png\",\"contentUrl\":\"https:\/\/bugadent.md\/wp-content\/uploads\/2026\/03\/logo.png\",\"width\":1066,\"height\":973,\"caption\":\"Bugadent\"},\"image\":{\"@id\":\"https:\/\/bugadent.md\/#\/schema\/logo\/image\/\"}}]}<\/script>\n<!-- \/ Yoast SEO plugin. -->","yoast_head_json":{"title":"Estetica Dentara \u2013 Albire si Fatete - Bugadent","robots":{"index":"index","follow":"follow","max-snippet":"max-snippet:-1","max-image-preview":"max-image-preview:large","max-video-preview":"max-video-preview:-1"},"canonical":"https:\/\/bugadent.md\/en\/services\/estetica-dentara-albire-si-fatete\/","og_locale":"en_GB","og_type":"article","og_title":"Estetica Dentara \u2013 Albire si Fatete - Bugadent","og_description":"Un zambet frumos nu este un lux - este o parte din stima de sine si modul in care te prezinti lumii. La Bugadent oferim solutii moderne de estetica dentara care imbunatatesc aspectul dintilor in mod natural, armonic si durabil.","og_url":"https:\/\/bugadent.md\/en\/services\/estetica-dentara-albire-si-fatete\/","og_site_name":"Bugadent","article_modified_time":"2026-03-22T19:03:45+00:00","og_image":[{"width":400,"height":280,"url":"https:\/\/bugadent.md\/wp-content\/uploads\/2024\/05\/home-3-7.webp","type":"image\/webp"}],"twitter_card":"summary_large_image","twitter_misc":{"Estimated reading time":"2 minutes"},"schema":{"@context":"https:\/\/schema.org","@graph":[{"@type":"WebPage","@id":"https:\/\/bugadent.md\/services\/estetica-dentara-albire-si-fatete\/","url":"https:\/\/bugadent.md\/services\/estetica-dentara-albire-si-fatete\/","name":"Estetica Dentara \u2013 Albire si Fatete - Bugadent","isPartOf":{"@id":"https:\/\/bugadent.md\/#website"},"primaryImageOfPage":{"@id":"https:\/\/bugadent.md\/services\/estetica-dentara-albire-si-fatete\/#primaryimage"},"image":{"@id":"https:\/\/bugadent.md\/services\/estetica-dentara-albire-si-fatete\/#primaryimage"},"thumbnailUrl":"https:\/\/bugadent.md\/wp-content\/uploads\/2024\/05\/home-3-7.webp","datePublished":"2026-03-13T08:55:56+00:00","dateModified":"2026-03-22T19:03:45+00:00","breadcrumb":{"@id":"https:\/\/bugadent.md\/services\/estetica-dentara-albire-si-fatete\/#breadcrumb"},"inLanguage":"en-GB","potentialAction":[{"@type":"ReadAction","target":["https:\/\/bugadent.md\/services\/estetica-dentara-albire-si-fatete\/"]}]},{"@type":"ImageObject","inLanguage":"en-GB","@id":"https:\/\/bugadent.md\/services\/estetica-dentara-albire-si-fatete\/#primaryimage","url":"https:\/\/bugadent.md\/wp-content\/uploads\/2024\/05\/home-3-7.webp","contentUrl":"https:\/\/bugadent.md\/wp-content\/uploads\/2024\/05\/home-3-7.webp","width":400,"height":280,"caption":"Internal Teeth Whitening"},{"@type":"BreadcrumbList","@id":"https:\/\/bugadent.md\/services\/estetica-dentara-albire-si-fatete\/#breadcrumb","itemListElement":[{"@type":"ListItem","position":1,"name":"Prima pagin\u0103","item":"https:\/\/bugadent.md\/"},{"@type":"ListItem","position":2,"name":"Estetica Dentara \u2013 Albire si Fatete"}]},{"@type":"WebSite","@id":"https:\/\/bugadent.md\/#website","url":"https:\/\/bugadent.md\/","name":"Bugadent","description":"Z\u00e2mbetul t\u0103u, grija noastr\u0103.","publisher":{"@id":"https:\/\/bugadent.md\/#organization"},"potentialAction":[{"@type":"SearchAction","target":{"@type":"EntryPoint","urlTemplate":"https:\/\/bugadent.md\/?s={search_term_string}"},"query-input":{"@type":"PropertyValueSpecification","valueRequired":true,"valueName":"search_term_string"}}],"inLanguage":"en-GB"},{"@type":"Organization","@id":"https:\/\/bugadent.md\/#organization","name":"Bugadent","url":"https:\/\/bugadent.md\/","logo":{"@type":"ImageObject","inLanguage":"en-GB","@id":"https:\/\/bugadent.md\/#\/schema\/logo\/image\/","url":"https:\/\/bugadent.md\/wp-content\/uploads\/2026\/03\/logo.png","contentUrl":"https:\/\/bugadent.md\/wp-content\/uploads\/2026\/03\/logo.png","width":1066,"height":973,"caption":"Bugadent"},"image":{"@id":"https:\/\/bugadent.md\/#\/schema\/logo\/image\/"}}]}},"_links":{"self":[{"href":"https:\/\/bugadent.md\/en\/wp-json\/wp\/v2\/services\/36590","targetHints":{"allow":["GET"]}}],"collection":[{"href":"https:\/\/bugadent.md\/en\/wp-json\/wp\/v2\/services"}],"about":[{"href":"https:\/\/bugadent.md\/en\/wp-json\/wp\/v2\/types\/services"}],"version-history":[{"count":10,"href":"https:\/\/bugadent.md\/en\/wp-json\/wp\/v2\/services\/36590\/revisions"}],"predecessor-version":[{"id":36818,"href":"https:\/\/bugadent.md\/en\/wp-json\/wp\/v2\/services\/36590\/revisions\/36818"}],"wp:featuredmedia":[{"embeddable":true,"href":"https:\/\/bugadent.md\/en\/wp-json\/wp\/v2\/media\/35169"}],"wp:attachment":[{"href":"https:\/\/bugadent.md\/en\/wp-json\/wp\/v2\/media?parent=36590"}],"wp:term":[{"taxonomy":"service_category","embeddable":true,"href":"https:\/\/bugadent.md\/en\/wp-json\/wp\/v2\/service_category?post=36590"}],"curies":[{"name":"wp","href":"https:\/\/api.w.org\/{rel}","templated":true}]}}